{"id":1759,"date":"2019-10-20T01:17:43","date_gmt":"2019-10-19T23:17:43","guid":{"rendered":"http:\/\/lesptitescroixdemagalie.fr\/?page_id=1759"},"modified":"2021-12-05T01:24:50","modified_gmt":"2021-12-05T00:24:50","slug":"galerie-du-blog","status":"publish","type":"page","link":"https:\/\/lesptitescroixdemagalie.fr\/index.php\/galerie-du-blog\/","title":{"rendered":"Galerie du blog"},"content":{"rendered":"\n<div class=\"wp-block-image\"><figure class=\"aligncenter size-large is-resized\"><img fetchpriority=\"high\" decoding=\"async\" src=\"https:\/\/lesptitescroixdemagalie.fr\/wp-content\/uploads\/2019\/12\/Photo-prise-par-Riccardo-Bresciani-1024x683.jpg\" alt=\"\" class=\"wp-image-1914\" width=\"768\" height=\"512\" srcset=\"https:\/\/lesptitescroixdemagalie.fr\/wp-content\/uploads\/2019\/12\/Photo-prise-par-Riccardo-Bresciani-1024x683.jpg 1024w, https:\/\/lesptitescroixdemagalie.fr\/wp-content\/uploads\/2019\/12\/Photo-prise-par-Riccardo-Bresciani-scaled-600x400.jpg 600w, https:\/\/lesptitescroixdemagalie.fr\/wp-content\/uploads\/2019\/12\/Photo-prise-par-Riccardo-Bresciani-300x200.jpg 300w, https:\/\/lesptitescroixdemagalie.fr\/wp-content\/uploads\/2019\/12\/Photo-prise-par-Riccardo-Bresciani-768x512.jpg 768w, https:\/\/lesptitescroixdemagalie.fr\/wp-content\/uploads\/2019\/12\/Photo-prise-par-Riccardo-Bresciani-1536x1024.jpg 1536w, https:\/\/lesptitescroixdemagalie.fr\/wp-content\/uploads\/2019\/12\/Photo-prise-par-Riccardo-Bresciani-2048x1365.jpg 2048w, https:\/\/lesptitescroixdemagalie.fr\/wp-content\/uploads\/2019\/12\/Photo-prise-par-Riccardo-Bresciani-1170x780.jpg 1170w, https:\/\/lesptitescroixdemagalie.fr\/wp-content\/uploads\/2019\/12\/Photo-prise-par-Riccardo-Bresciani-1920x1280.jpg 1920w, https:\/\/lesptitescroixdemagalie.fr\/wp-content\/uploads\/2019\/12\/Photo-prise-par-Riccardo-Bresciani-585x390.jpg 585w, https:\/\/lesptitescroixdemagalie.fr\/wp-content\/uploads\/2019\/12\/Photo-prise-par-Riccardo-Bresciani-263x175.jpg 263w\" sizes=\"(max-width: 768px) 100vw, 768px\" \/><figcaption><em>Source : Photo prise par Riccardo Bresciani<\/em><\/figcaption><\/figure><\/div>\n\n\n\n<p class=\"has-text-align-center\" style=\"font-size:18px\"><strong>Je vous invite dans mon mus\u00e9e personnel, vous y trouverez tous les ouvrages que j\u2019ai r\u00e9alis\u00e9s au fil du temps et des p\u00e9riodes de ma vie\u2026 Un peu de moi, quoi&nbsp;!<br><br>Entrez et fa\u00eetes comme chez vous&nbsp;!<\/strong><br><br><strong>Et maintenant, c&rsquo;est aussi votre mus\u00e9e !<br><\/strong><\/p>\n\n\n\n<div class=\"wp-block-columns is-layout-flex wp-container-core-columns-is-layout-9d6595d7 wp-block-columns-is-layout-flex\">\n<div class=\"wp-block-column is-layout-flow wp-block-column-is-layout-flow\">\n<div class=\"wp-block-cover has-background-dim\" style=\"min-height:210px;aspect-ratio:unset;\"><img decoding=\"async\" width=\"297\" height=\"170\" class=\"wp-block-cover__image-background wp-image-1931\" alt=\"\" src=\"https:\/\/lesptitescroixdemagalie.fr\/wp-content\/uploads\/2019\/12\/Photosphere-14.jpg\" data-object-fit=\"cover\"\/><div class=\"wp-block-cover__inner-container is-layout-flow wp-block-cover-is-layout-flow\">\n<p class=\"has-text-align-center has-text-color\" style=\"color:#eaa7a1;font-size:30px\"><a href=\"https:\/\/lesptitescroixdemagalie.fr\/index.php\/mes-crea-realisations-2\/\">Mes cr\u00e9a-r\u00e9alisations<\/a><\/p>\n<\/div><\/div>\n<\/div>\n\n\n\n<div class=\"wp-block-column is-layout-flow wp-block-column-is-layout-flow\">\n<div class=\"wp-block-cover has-background-dim\" style=\"min-height:210px;aspect-ratio:unset;\"><img decoding=\"async\" width=\"510\" height=\"340\" class=\"wp-block-cover__image-background wp-image-1921\" alt=\"\" src=\"https:\/\/lesptitescroixdemagalie.fr\/wp-content\/uploads\/2019\/12\/Photosphere-4.jpg\" data-object-fit=\"cover\" srcset=\"https:\/\/lesptitescroixdemagalie.fr\/wp-content\/uploads\/2019\/12\/Photosphere-4.jpg 510w, https:\/\/lesptitescroixdemagalie.fr\/wp-content\/uploads\/2019\/12\/Photosphere-4-416x277.jpg 416w, https:\/\/lesptitescroixdemagalie.fr\/wp-content\/uploads\/2019\/12\/Photosphere-4-300x200.jpg 300w, https:\/\/lesptitescroixdemagalie.fr\/wp-content\/uploads\/2019\/12\/Photosphere-4-263x175.jpg 263w\" sizes=\"(max-width: 510px) 100vw, 510px\" \/><div class=\"wp-block-cover__inner-container is-layout-flow wp-block-cover-is-layout-flow\">\n<p class=\"has-text-align-center has-text-color\" style=\"color:#eaa7a1;font-size:30px\"><a href=\"https:\/\/lesptitescroixdemagalie.fr\/index.php\/vos-crea-realisations\/\">Vos cr\u00e9a-r\u00e9alisations<\/a><\/p>\n<\/div><\/div>\n<\/div>\n<\/div>\n","protected":false},"excerpt":{"rendered":"<p>Je vous invite dans mon mus\u00e9e personnel, vous y trouverez tous les ouvrages que j\u2019ai r\u00e9alis\u00e9s&hellip;<\/p>\n","protected":false},"author":1,"featured_media":0,"parent":0,"menu_order":0,"comment_status":"closed","ping_status":"closed","template":"","meta":{"inline_featured_image":false,"_monsterinsights_skip_tracking":false,"_monsterinsights_sitenote_active":false,"_monsterinsights_sitenote_note":"","_monsterinsights_sitenote_category":0,"footnotes":""},"class_list":["post-1759","page","type-page","status-publish","hentry"],"yoast_head":"<!-- This site is optimized with the Yoast SEO plugin v27.5 - https:\/\/yoast.com\/product\/yoast-seo-wordpress\/ -->\n<title>Galerie du blog - Les p\u2018tites croix de Magalie par Magalie Vincendon<\/title>\n<meta name=\"description\" content=\"Je vous invite dans mon mus\u00e9e personnel, vous y trouverez tous les ouvrages que j\u2019ai r\u00e9alis\u00e9s au fil du temps et des p\u00e9riodes de ma vie\u2026 Un peu de moi, quoi\u00a0!... Venez voir la suite sur mon blog Les p&#039;tites croix de Magalie, sur la broderie au point de croix.\" \/>\n<meta name=\"robots\" content=\"index, follow, max-snippet:-1, max-image-preview:large, max-video-preview:-1\" \/>\n<link rel=\"canonical\" href=\"https:\/\/lesptitescroixdemagalie.fr\/index.php\/galerie-du-blog\/\" \/>\n<meta property=\"og:locale\" content=\"fr_FR\" \/>\n<meta property=\"og:type\" content=\"article\" \/>\n<meta property=\"og:title\" content=\"Galerie du blog - Les p\u2018tites croix de Magalie par Magalie Vincendon\" \/>\n<meta property=\"og:description\" content=\"Je vous invite dans mon mus\u00e9e personnel, vous y trouverez tous les ouvrages que j\u2019ai r\u00e9alis\u00e9s au fil du temps et des p\u00e9riodes de ma vie\u2026 Un peu de moi, quoi\u00a0!... Venez voir la suite sur mon blog Les p&#039;tites croix de Magalie, sur la broderie au point de croix.\" \/>\n<meta property=\"og:url\" content=\"https:\/\/lesptitescroixdemagalie.fr\/index.php\/galerie-du-blog\/\" \/>\n<meta property=\"og:site_name\" content=\"Les p\u2018tites croix de Magalie par Magalie Vincendon\" \/>\n<meta property=\"article:modified_time\" content=\"2021-12-05T00:24:50+00:00\" \/>\n<meta property=\"og:image\" content=\"https:\/\/lesptitescroixdemagalie.fr\/wp-content\/uploads\/2019\/12\/Photo-prise-par-Riccardo-Bresciani-1024x683.jpg\" \/>\n<meta name=\"twitter:card\" content=\"summary_large_image\" \/>\n<meta name=\"twitter:label1\" content=\"Dur\u00e9e de lecture estim\u00e9e\" \/>\n\t<meta name=\"twitter:data1\" content=\"1 minute\" \/>\n<script type=\"application\/ld+json\" class=\"yoast-schema-graph\">{\"@context\":\"https:\\\/\\\/schema.org\",\"@graph\":[{\"@type\":\"WebPage\",\"@id\":\"https:\\\/\\\/lesptitescroixdemagalie.fr\\\/index.php\\\/galerie-du-blog\\\/\",\"url\":\"https:\\\/\\\/lesptitescroixdemagalie.fr\\\/index.php\\\/galerie-du-blog\\\/\",\"name\":\"Galerie du blog - Les p\u2018tites croix de Magalie par Magalie Vincendon\",\"isPartOf\":{\"@id\":\"https:\\\/\\\/lesptitescroixdemagalie.fr\\\/#website\"},\"primaryImageOfPage\":{\"@id\":\"https:\\\/\\\/lesptitescroixdemagalie.fr\\\/index.php\\\/galerie-du-blog\\\/#primaryimage\"},\"image\":{\"@id\":\"https:\\\/\\\/lesptitescroixdemagalie.fr\\\/index.php\\\/galerie-du-blog\\\/#primaryimage\"},\"thumbnailUrl\":\"https:\\\/\\\/lesptitescroixdemagalie.fr\\\/wp-content\\\/uploads\\\/2019\\\/12\\\/Photo-prise-par-Riccardo-Bresciani-1024x683.jpg\",\"datePublished\":\"2019-10-19T23:17:43+00:00\",\"dateModified\":\"2021-12-05T00:24:50+00:00\",\"description\":\"Je vous invite dans mon mus\u00e9e personnel, vous y trouverez tous les ouvrages que j\u2019ai r\u00e9alis\u00e9s au fil du temps et des p\u00e9riodes de ma vie\u2026 Un peu de moi, quoi\u00a0!... Venez voir la suite sur mon blog Les p'tites croix de Magalie, sur la broderie au point de croix.\",\"breadcrumb\":{\"@id\":\"https:\\\/\\\/lesptitescroixdemagalie.fr\\\/index.php\\\/galerie-du-blog\\\/#breadcrumb\"},\"inLanguage\":\"fr-FR\",\"potentialAction\":[{\"@type\":\"ReadAction\",\"target\":[\"https:\\\/\\\/lesptitescroixdemagalie.fr\\\/index.php\\\/galerie-du-blog\\\/\"]}]},{\"@type\":\"ImageObject\",\"inLanguage\":\"fr-FR\",\"@id\":\"https:\\\/\\\/lesptitescroixdemagalie.fr\\\/index.php\\\/galerie-du-blog\\\/#primaryimage\",\"url\":\"https:\\\/\\\/lesptitescroixdemagalie.fr\\\/wp-content\\\/uploads\\\/2019\\\/12\\\/Photo-prise-par-Riccardo-Bresciani-1024x683.jpg\",\"contentUrl\":\"https:\\\/\\\/lesptitescroixdemagalie.fr\\\/wp-content\\\/uploads\\\/2019\\\/12\\\/Photo-prise-par-Riccardo-Bresciani-1024x683.jpg\"},{\"@type\":\"BreadcrumbList\",\"@id\":\"https:\\\/\\\/lesptitescroixdemagalie.fr\\\/index.php\\\/galerie-du-blog\\\/#breadcrumb\",\"itemListElement\":[{\"@type\":\"ListItem\",\"position\":1,\"name\":\"Accueil\",\"item\":\"https:\\\/\\\/lesptitescroixdemagalie.fr\\\/\"},{\"@type\":\"ListItem\",\"position\":2,\"name\":\"Galerie du blog\"}]},{\"@type\":\"WebSite\",\"@id\":\"https:\\\/\\\/lesptitescroixdemagalie.fr\\\/#website\",\"url\":\"https:\\\/\\\/lesptitescroixdemagalie.fr\\\/\",\"name\":\"Les p\u2018tites croix de Magalie par Magalie Vincendon\",\"description\":\"Point de croix, D\u00e9tente, Partage &amp; Bien-Etre\",\"publisher\":{\"@id\":\"https:\\\/\\\/lesptitescroixdemagalie.fr\\\/#organization\"},\"potentialAction\":[{\"@type\":\"SearchAction\",\"target\":{\"@type\":\"EntryPoint\",\"urlTemplate\":\"https:\\\/\\\/lesptitescroixdemagalie.fr\\\/?s={search_term_string}\"},\"query-input\":{\"@type\":\"PropertyValueSpecification\",\"valueRequired\":true,\"valueName\":\"search_term_string\"}}],\"inLanguage\":\"fr-FR\"},{\"@type\":\"Organization\",\"@id\":\"https:\\\/\\\/lesptitescroixdemagalie.fr\\\/#organization\",\"name\":\"Les p'tites croix de Magalie\",\"url\":\"https:\\\/\\\/lesptitescroixdemagalie.fr\\\/\",\"logo\":{\"@type\":\"ImageObject\",\"inLanguage\":\"fr-FR\",\"@id\":\"https:\\\/\\\/lesptitescroixdemagalie.fr\\\/#\\\/schema\\\/logo\\\/image\\\/\",\"url\":\"https:\\\/\\\/lesptitescroixdemagalie.fr\\\/wp-content\\\/uploads\\\/2022\\\/07\\\/Logo-noir-fond-blanc.png\",\"contentUrl\":\"https:\\\/\\\/lesptitescroixdemagalie.fr\\\/wp-content\\\/uploads\\\/2022\\\/07\\\/Logo-noir-fond-blanc.png\",\"width\":280,\"height\":350,\"caption\":\"Les p'tites croix de Magalie\"},\"image\":{\"@id\":\"https:\\\/\\\/lesptitescroixdemagalie.fr\\\/#\\\/schema\\\/logo\\\/image\\\/\"}}]}<\/script>\n<!-- \/ Yoast SEO plugin. -->","yoast_head_json":{"title":"Galerie du blog - Les p\u2018tites croix de Magalie par Magalie Vincendon","description":"Je vous invite dans mon mus\u00e9e personnel, vous y trouverez tous les ouvrages que j\u2019ai r\u00e9alis\u00e9s au fil du temps et des p\u00e9riodes de ma vie\u2026 Un peu de moi, quoi\u00a0!... Venez voir la suite sur mon blog Les p'tites croix de Magalie, sur la broderie au point de croix.","robots":{"index":"index","follow":"follow","max-snippet":"max-snippet:-1","max-image-preview":"max-image-preview:large","max-video-preview":"max-video-preview:-1"},"canonical":"https:\/\/lesptitescroixdemagalie.fr\/index.php\/galerie-du-blog\/","og_locale":"fr_FR","og_type":"article","og_title":"Galerie du blog - Les p\u2018tites croix de Magalie par Magalie Vincendon","og_description":"Je vous invite dans mon mus\u00e9e personnel, vous y trouverez tous les ouvrages que j\u2019ai r\u00e9alis\u00e9s au fil du temps et des p\u00e9riodes de ma vie\u2026 Un peu de moi, quoi\u00a0!... Venez voir la suite sur mon blog Les p'tites croix de Magalie, sur la broderie au point de croix.","og_url":"https:\/\/lesptitescroixdemagalie.fr\/index.php\/galerie-du-blog\/","og_site_name":"Les p\u2018tites croix de Magalie par Magalie Vincendon","article_modified_time":"2021-12-05T00:24:50+00:00","og_image":[{"url":"https:\/\/lesptitescroixdemagalie.fr\/wp-content\/uploads\/2019\/12\/Photo-prise-par-Riccardo-Bresciani-1024x683.jpg","type":"","width":"","height":""}],"twitter_card":"summary_large_image","twitter_misc":{"Dur\u00e9e de lecture estim\u00e9e":"1 minute"},"schema":{"@context":"https:\/\/schema.org","@graph":[{"@type":"WebPage","@id":"https:\/\/lesptitescroixdemagalie.fr\/index.php\/galerie-du-blog\/","url":"https:\/\/lesptitescroixdemagalie.fr\/index.php\/galerie-du-blog\/","name":"Galerie du blog - Les p\u2018tites croix de Magalie par Magalie Vincendon","isPartOf":{"@id":"https:\/\/lesptitescroixdemagalie.fr\/#website"},"primaryImageOfPage":{"@id":"https:\/\/lesptitescroixdemagalie.fr\/index.php\/galerie-du-blog\/#primaryimage"},"image":{"@id":"https:\/\/lesptitescroixdemagalie.fr\/index.php\/galerie-du-blog\/#primaryimage"},"thumbnailUrl":"https:\/\/lesptitescroixdemagalie.fr\/wp-content\/uploads\/2019\/12\/Photo-prise-par-Riccardo-Bresciani-1024x683.jpg","datePublished":"2019-10-19T23:17:43+00:00","dateModified":"2021-12-05T00:24:50+00:00","description":"Je vous invite dans mon mus\u00e9e personnel, vous y trouverez tous les ouvrages que j\u2019ai r\u00e9alis\u00e9s au fil du temps et des p\u00e9riodes de ma vie\u2026 Un peu de moi, quoi\u00a0!... Venez voir la suite sur mon blog Les p'tites croix de Magalie, sur la broderie au point de croix.","breadcrumb":{"@id":"https:\/\/lesptitescroixdemagalie.fr\/index.php\/galerie-du-blog\/#breadcrumb"},"inLanguage":"fr-FR","potentialAction":[{"@type":"ReadAction","target":["https:\/\/lesptitescroixdemagalie.fr\/index.php\/galerie-du-blog\/"]}]},{"@type":"ImageObject","inLanguage":"fr-FR","@id":"https:\/\/lesptitescroixdemagalie.fr\/index.php\/galerie-du-blog\/#primaryimage","url":"https:\/\/lesptitescroixdemagalie.fr\/wp-content\/uploads\/2019\/12\/Photo-prise-par-Riccardo-Bresciani-1024x683.jpg","contentUrl":"https:\/\/lesptitescroixdemagalie.fr\/wp-content\/uploads\/2019\/12\/Photo-prise-par-Riccardo-Bresciani-1024x683.jpg"},{"@type":"BreadcrumbList","@id":"https:\/\/lesptitescroixdemagalie.fr\/index.php\/galerie-du-blog\/#breadcrumb","itemListElement":[{"@type":"ListItem","position":1,"name":"Accueil","item":"https:\/\/lesptitescroixdemagalie.fr\/"},{"@type":"ListItem","position":2,"name":"Galerie du blog"}]},{"@type":"WebSite","@id":"https:\/\/lesptitescroixdemagalie.fr\/#website","url":"https:\/\/lesptitescroixdemagalie.fr\/","name":"Les p\u2018tites croix de Magalie par Magalie Vincendon","description":"Point de croix, D\u00e9tente, Partage &amp; Bien-Etre","publisher":{"@id":"https:\/\/lesptitescroixdemagalie.fr\/#organization"},"potentialAction":[{"@type":"SearchAction","target":{"@type":"EntryPoint","urlTemplate":"https:\/\/lesptitescroixdemagalie.fr\/?s={search_term_string}"},"query-input":{"@type":"PropertyValueSpecification","valueRequired":true,"valueName":"search_term_string"}}],"inLanguage":"fr-FR"},{"@type":"Organization","@id":"https:\/\/lesptitescroixdemagalie.fr\/#organization","name":"Les p'tites croix de Magalie","url":"https:\/\/lesptitescroixdemagalie.fr\/","logo":{"@type":"ImageObject","inLanguage":"fr-FR","@id":"https:\/\/lesptitescroixdemagalie.fr\/#\/schema\/logo\/image\/","url":"https:\/\/lesptitescroixdemagalie.fr\/wp-content\/uploads\/2022\/07\/Logo-noir-fond-blanc.png","contentUrl":"https:\/\/lesptitescroixdemagalie.fr\/wp-content\/uploads\/2022\/07\/Logo-noir-fond-blanc.png","width":280,"height":350,"caption":"Les p'tites croix de Magalie"},"image":{"@id":"https:\/\/lesptitescroixdemagalie.fr\/#\/schema\/logo\/image\/"}}]}},"_links":{"self":[{"href":"https:\/\/lesptitescroixdemagalie.fr\/index.php\/wp-json\/wp\/v2\/pages\/1759","targetHints":{"allow":["GET"]}}],"collection":[{"href":"https:\/\/lesptitescroixdemagalie.fr\/index.php\/wp-json\/wp\/v2\/pages"}],"about":[{"href":"https:\/\/lesptitescroixdemagalie.fr\/index.php\/wp-json\/wp\/v2\/types\/page"}],"author":[{"embeddable":true,"href":"https:\/\/lesptitescroixdemagalie.fr\/index.php\/wp-json\/wp\/v2\/users\/1"}],"replies":[{"embeddable":true,"href":"https:\/\/lesptitescroixdemagalie.fr\/index.php\/wp-json\/wp\/v2\/comments?post=1759"}],"version-history":[{"count":12,"href":"https:\/\/lesptitescroixdemagalie.fr\/index.php\/wp-json\/wp\/v2\/pages\/1759\/revisions"}],"predecessor-version":[{"id":3816,"href":"https:\/\/lesptitescroixdemagalie.fr\/index.php\/wp-json\/wp\/v2\/pages\/1759\/revisions\/3816"}],"wp:attachment":[{"href":"https:\/\/lesptitescroixdemagalie.fr\/index.php\/wp-json\/wp\/v2\/media?parent=1759"}],"curies":[{"name":"wp","href":"https:\/\/api.w.org\/{rel}","templated":true}]}}